{"id":60,"date":"2021-01-12T17:38:28","date_gmt":"2021-01-12T17:38:28","guid":{"rendered":"http:\/\/www.studiomagellan.com\/?page_id=60"},"modified":"2021-12-12T19:55:59","modified_gmt":"2021-12-12T19:55:59","slug":"estudio","status":"publish","type":"page","link":"https:\/\/www.studiomagellan.com\/index.php\/estudio\/","title":{"rendered":"Est\u00fadio"},"content":{"rendered":"<p>\u00c9 fundado em 1992 na Sui\u00e7a, Magellan \u00e9 referencia ao navegador portugu\u00eas Fern\u00e3o de Magalhaes.<br>Sedeado em Portugal desde 1997, tem sempre desenvolvido a actividade de grava\u00e7\u00e3o, mistura, masteriza\u00e7\u00e3o, surround, som ao vivo e projectos de est\u00fadio.<\/p><p>Fixa-se em Belas em 2010, onde se mant\u00e9m at\u00e9 \u00e0 presente data.<br>Em Novembro de 2021, o Studio Magellan, muda-se para um novo espa\u00e7o.<\/p><div style=\"height:42px\" aria-hidden=\"true\" class=\"wp-block-spacer\"><\/div><div class=\"wp-block-columns is-layout-flex wp-container-core-columns-is-layout-28f84493 wp-block-columns-is-layout-flex\"><div class=\"wp-block-column is-layout-flow wp-block-column-is-layout-flow\"><h2 class=\"wp-block-heading\">Rui Guerreiro<\/h2>\n\n<p>Nasce em 1973 em Castro Verde mas \u00e9 em Genebra que prossegue os estudos e conclui os cursos de Mechanical Electrical Engineer e Sound Engineer.<\/p>\n\n<p>Desde 1987 que desenvolve v\u00e1rios trabalhos, tanto em est\u00fadio como em espet\u00e1culos ao vivo, tendo estado envolvido em projectos de renome n\u00e3o s\u00f3 em Portugal, mas um pouco por todo por todo o mundo<\/p><\/div>\n\n<div class=\"wp-block-column is-layout-flow wp-block-column-is-layout-flow\"><figure class=\"wp-block-image size-large\"><img loading=\"lazy\" decoding=\"async\" width=\"1024\" height=\"683\" src=\"http:\/\/www.studiomagellan.com\/wp-content\/uploads\/2021\/03\/estudio-01-1024x683.jpg\" alt=\"\" class=\"wp-image-187\" srcset=\"https:\/\/www.studiomagellan.com\/wp-content\/uploads\/2021\/03\/estudio-01-1024x683.jpg 1024w, https:\/\/www.studiomagellan.com\/wp-content\/uploads\/2021\/03\/estudio-01-300x200.jpg 300w, https:\/\/www.studiomagellan.com\/wp-content\/uploads\/2021\/03\/estudio-01-768x512.jpg 768w, https:\/\/www.studiomagellan.com\/wp-content\/uploads\/2021\/03\/estudio-01-600x400.jpg 600w, https:\/\/www.studiomagellan.com\/wp-content\/uploads\/2021\/03\/estudio-01.jpg 1440w\" sizes=\"auto, (max-width: 1024px) 100vw, 1024px\" \/><\/figure><\/div><\/div><p>Em 1987 se inicia como assistente de est\u00fadio, de onde vem a trabalhar em v\u00e1rios est\u00fadios, tanto como assistente, com engenheiro de som, e onde trabalha com v\u00e1rios artistas de renome mundial.<\/p><div style=\"height:42px\" aria-hidden=\"true\" class=\"wp-block-spacer\"><\/div><div class=\"wp-block-columns is-layout-flex wp-container-core-columns-is-layout-28f84493 wp-block-columns-is-layout-flex\"><div class=\"wp-block-column is-layout-flow wp-block-column-is-layout-flow\"><figure class=\"wp-block-image size-large\"><img loading=\"lazy\" decoding=\"async\" width=\"1024\" height=\"683\" src=\"http:\/\/www.studiomagellan.com\/wp-content\/uploads\/2021\/03\/estudio-02-1024x683.jpg\" alt=\"\" class=\"wp-image-188\" srcset=\"https:\/\/www.studiomagellan.com\/wp-content\/uploads\/2021\/03\/estudio-02-1024x683.jpg 1024w, https:\/\/www.studiomagellan.com\/wp-content\/uploads\/2021\/03\/estudio-02-300x200.jpg 300w, https:\/\/www.studiomagellan.com\/wp-content\/uploads\/2021\/03\/estudio-02-768x512.jpg 768w, https:\/\/www.studiomagellan.com\/wp-content\/uploads\/2021\/03\/estudio-02-600x400.jpg 600w, https:\/\/www.studiomagellan.com\/wp-content\/uploads\/2021\/03\/estudio-02.jpg 1440w\" sizes=\"auto, (max-width: 1024px) 100vw, 1024px\" \/><\/figure><\/div>\n\n<div class=\"wp-block-column is-layout-flow wp-block-column-is-layout-flow\"><p>Em 1997 muda-se para Portugal, e no ano 2000, muda-se para o Est\u00fadio Vale de Lobos, onde durante 10 anos, \u00e9 o Chief Engineer. Em 2011, \u00e9 co-fundador, CEO e criador dos est\u00fadios Atl\u00e2ntico Blue Estudios.<\/p>\n\n<p>J\u00e1 com vasta experi\u00eancia em diferentes est\u00fadios, \u00e9 co-fundador da Atl\u00e2ntico Blue Studios, onde exerce tamb\u00e9m fun\u00e7\u00f5es de CEO e Chief Engineer at\u00e9 final de 2015.<\/p><\/div><\/div><p>Por essa altura funda o Est\u00fadio Magellan onde tem desde ent\u00e3o desenvolvido v\u00e1rios projectos \u2013 Live e Recording Studio, enquanto Owner, CEO e Chief Engineer da empresa.<\/p><div style=\"height:42px\" aria-hidden=\"true\" class=\"wp-block-spacer\"><\/div><div class=\"wp-block-columns is-layout-flex wp-container-core-columns-is-layout-28f84493 wp-block-columns-is-layout-flex\"><div class=\"wp-block-column is-layout-flow wp-block-column-is-layout-flow\"><p>Lu\u00edsa Sobral, Ricardo Ribeiro, Rui Veloso, Mariza &amp; Sting, Cabe\u00e7as no Ar, Ala dos Namorados, Quinta do Bill, s\u00e3o apenas alguns dos nomes com quem trabalhou em parceria ao longo da sua carreira.<\/p>\n\n<p>Desde 1999 complementa o seu trabalho com a distribui\u00e7\u00e3o de equipamento de algumas das melhores marcas no mercado internacional.<\/p><\/div>\n\n<div class=\"wp-block-column is-layout-flow wp-block-column-is-layout-flow\"><figure class=\"wp-block-image size-large\"><img loading=\"lazy\" decoding=\"async\" width=\"1024\" height=\"683\" src=\"http:\/\/www.studiomagellan.com\/wp-content\/uploads\/2021\/03\/estudio-03-1024x683.jpg\" alt=\"\" class=\"wp-image-189\" srcset=\"https:\/\/www.studiomagellan.com\/wp-content\/uploads\/2021\/03\/estudio-03-1024x683.jpg 1024w, https:\/\/www.studiomagellan.com\/wp-content\/uploads\/2021\/03\/estudio-03-300x200.jpg 300w, https:\/\/www.studiomagellan.com\/wp-content\/uploads\/2021\/03\/estudio-03-768x512.jpg 768w, https:\/\/www.studiomagellan.com\/wp-content\/uploads\/2021\/03\/estudio-03-600x400.jpg 600w, https:\/\/www.studiomagellan.com\/wp-content\/uploads\/2021\/03\/estudio-03.jpg 1440w\" sizes=\"auto, (max-width: 1024px) 100vw, 1024px\" \/><\/figure><\/div><\/div><div style=\"height:42px\" aria-hidden=\"true\" class=\"wp-block-spacer\"><\/div><h2 class=\"wp-block-heading\">Grava\u00e7\u00e3o M\u00f3vel<\/h2><div class=\"wp-block-columns is-layout-flex wp-container-core-columns-is-layout-28f84493 wp-block-columns-is-layout-flex\"><div class=\"wp-block-column is-layout-flow wp-block-column-is-layout-flow\"><figure class=\"wp-block-image size-large\"><img loading=\"lazy\" decoding=\"async\" width=\"1024\" height=\"683\" src=\"http:\/\/www.studiomagellan.com\/wp-content\/uploads\/2021\/03\/estudio-04-1024x683.jpg\" alt=\"\" class=\"wp-image-190\" srcset=\"https:\/\/www.studiomagellan.com\/wp-content\/uploads\/2021\/03\/estudio-04-1024x683.jpg 1024w, https:\/\/www.studiomagellan.com\/wp-content\/uploads\/2021\/03\/estudio-04-300x200.jpg 300w, https:\/\/www.studiomagellan.com\/wp-content\/uploads\/2021\/03\/estudio-04-768x512.jpg 768w, https:\/\/www.studiomagellan.com\/wp-content\/uploads\/2021\/03\/estudio-04-600x400.jpg 600w, https:\/\/www.studiomagellan.com\/wp-content\/uploads\/2021\/03\/estudio-04.jpg 1440w\" sizes=\"auto, (max-width: 1024px) 100vw, 1024px\" \/><\/figure><\/div>\n\n<div class=\"wp-block-column is-layout-flow wp-block-column-is-layout-flow\"><p>A Studio Magellan, realiza grava\u00e7\u00f5es externas, tendo todos os meios para poder realizar uma grava\u00e7\u00e3o em qualquer ponto do pais.<\/p><\/div><\/div>","protected":false},"excerpt":{"rendered":"<p>\u00c9 fundado em 1992 na Sui\u00e7a, Magellan \u00e9 referencia ao navegador portugu\u00eas Fern\u00e3o de Magalhaes.Sedeado em Portugal desde 1997, tem sempre desenvolvido a actividade de grava\u00e7\u00e3o, mistura, masteriza\u00e7\u00e3o, surround, som ao vivo e projectos de est\u00fadio. Fixa-se em Belas em 2010, onde se mant\u00e9m at\u00e9 \u00e0 presente data.Em Novembro de 2021, o Studio Magellan, muda-se [&hellip;]<\/p>\n","protected":false},"author":1,"featured_media":0,"parent":0,"menu_order":0,"comment_status":"closed","ping_status":"closed","template":"","meta":{"footnotes":""},"class_list":["post-60","page","type-page","status-publish","hentry"],"_links":{"self":[{"href":"https:\/\/www.studiomagellan.com\/index.php\/wp-json\/wp\/v2\/pages\/60","targetHints":{"allow":["GET"]}}],"collection":[{"href":"https:\/\/www.studiomagellan.com\/index.php\/wp-json\/wp\/v2\/pages"}],"about":[{"href":"https:\/\/www.studiomagellan.com\/index.php\/wp-json\/wp\/v2\/types\/page"}],"author":[{"embeddable":true,"href":"https:\/\/www.studiomagellan.com\/index.php\/wp-json\/wp\/v2\/users\/1"}],"replies":[{"embeddable":true,"href":"https:\/\/www.studiomagellan.com\/index.php\/wp-json\/wp\/v2\/comments?post=60"}],"version-history":[{"count":32,"href":"https:\/\/www.studiomagellan.com\/index.php\/wp-json\/wp\/v2\/pages\/60\/revisions"}],"predecessor-version":[{"id":313,"href":"https:\/\/www.studiomagellan.com\/index.php\/wp-json\/wp\/v2\/pages\/60\/revisions\/313"}],"wp:attachment":[{"href":"https:\/\/www.studiomagellan.com\/index.php\/wp-json\/wp\/v2\/media?parent=60"}],"curies":[{"name":"wp","href":"https:\/\/api.w.org\/{rel}","templated":true}]}}